{"id":137,"date":"2021-09-20T21:53:41","date_gmt":"2021-09-20T19:53:41","guid":{"rendered":"https:\/\/konference.dauc.cz\/taxforum\/?page_id=137"},"modified":"2022-11-29T13:22:03","modified_gmt":"2022-11-29T12:22:03","slug":"ke-stazeni","status":"publish","type":"page","link":"https:\/\/konference.dauc.cz\/taxforum\/ke-stazeni\/","title":{"rendered":"Ke sta\u017een\u00ed"},"content":{"rendered":"<p>[et_pb_section fb_built=&#8220;1&#8243; custom_padding_last_edited=&#8220;off|desktop&#8220; admin_label=&#8220;Hero&#8220; _builder_version=&#8220;4.10.7&#8243; use_background_color_gradient=&#8220;on&#8220; background_color_gradient_start=&#8220;#ffffff&#8220; background_color_gradient_end=&#8220;#e7edf9&#8243; inner_width_tablet=&#8220;50px&#8220; inner_max_width_tablet=&#8220;50px&#8220; custom_margin=&#8220;|||&#8220; custom_padding=&#8220;||||false|false&#8220; custom_padding_tablet=&#8220;130px||130px|&#8220; z_index_tablet=&#8220;500&#8243; box_shadow_horizontal_tablet=&#8220;0px&#8220; box_shadow_vertical_tablet=&#8220;0px&#8220; box_shadow_blur_tablet=&#8220;40px&#8220; box_shadow_spread_tablet=&#8220;0px&#8220; global_colors_info=&#8220;{}&#8220;][et_pb_row _builder_version=&#8220;3.25&#8243; background_size=&#8220;initial&#8220; background_position=&#8220;top_left&#8220; background_repeat=&#8220;repeat&#8220; custom_margin=&#8220;|||&#8220; global_colors_info=&#8220;{}&#8220;][et_pb_column type=&#8220;4_4&#8243; _builder_version=&#8220;3.25&#8243; custom_padding=&#8220;|||&#8220; global_colors_info=&#8220;{}&#8220; custom_padding__hover=&#8220;|||&#8220;][et_pb_text _builder_version=&#8220;4.10.7&#8243; header_font=&#8220;Merriweather|700|||||||&#8220; header_font_size=&#8220;46px&#8220; header_line_height=&#8220;1.3em&#8220; text_orientation=&#8220;center&#8220; max_width=&#8220;700px&#8220; module_alignment=&#8220;center&#8220; custom_margin=&#8220;||0px|&#8220; animation_style=&#8220;flip&#8220; animation_direction=&#8220;top&#8220; z_index_tablet=&#8220;500&#8243; text_text_shadow_horizontal_length_tablet=&#8220;0px&#8220; text_text_shadow_vertical_length_tablet=&#8220;0px&#8220; text_text_shadow_blur_strength_tablet=&#8220;1px&#8220; link_text_shadow_horizontal_length_tablet=&#8220;0px&#8220; link_text_shadow_vertical_length_tablet=&#8220;0px&#8220; link_text_shadow_blur_strength_tablet=&#8220;1px&#8220; ul_text_shadow_horizontal_length_tablet=&#8220;0px&#8220; ul_text_shadow_vertical_length_tablet=&#8220;0px&#8220; ul_text_shadow_blur_strength_tablet=&#8220;1px&#8220; ol_text_shadow_horizontal_length_tablet=&#8220;0px&#8220; ol_text_shadow_vertical_length_tablet=&#8220;0px&#8220; ol_text_shadow_blur_strength_tablet=&#8220;1px&#8220; quote_text_shadow_horizontal_length_tablet=&#8220;0px&#8220; quote_text_shadow_vertical_length_tablet=&#8220;0px&#8220; quote_text_shadow_blur_strength_tablet=&#8220;1px&#8220; header_text_shadow_horizontal_length_tablet=&#8220;0px&#8220; header_text_shadow_vertical_length_tablet=&#8220;0px&#8220; header_text_shadow_blur_strength_tablet=&#8220;1px&#8220; header_2_text_shadow_horizontal_length_tablet=&#8220;0px&#8220; header_2_text_shadow_vertical_length_tablet=&#8220;0px&#8220; header_2_text_shadow_blur_strength_tablet=&#8220;1px&#8220; header_3_text_shadow_horizontal_length_tablet=&#8220;0px&#8220; header_3_text_shadow_vertical_length_tablet=&#8220;0px&#8220; header_3_text_shadow_blur_strength_tablet=&#8220;1px&#8220; header_4_text_shadow_horizontal_length_tablet=&#8220;0px&#8220; header_4_text_shadow_vertical_length_tablet=&#8220;0px&#8220; header_4_text_shadow_blur_strength_tablet=&#8220;1px&#8220; header_5_text_shadow_horizontal_length_tablet=&#8220;0px&#8220; header_5_text_shadow_vertical_length_tablet=&#8220;0px&#8220; header_5_text_shadow_blur_strength_tablet=&#8220;1px&#8220; header_6_text_shadow_horizontal_length_tablet=&#8220;0px&#8220; header_6_text_shadow_vertical_length_tablet=&#8220;0px&#8220; header_6_text_shadow_blur_strength_tablet=&#8220;1px&#8220; box_shadow_horizontal_tablet=&#8220;0px&#8220; box_shadow_vertical_tablet=&#8220;0px&#8220; box_shadow_blur_tablet=&#8220;40px&#8220; box_shadow_spread_tablet=&#8220;0px&#8220; global_colors_info=&#8220;{}&#8220;]<\/p>\n<h1>Ke sta\u017een\u00ed<\/h1>\n<p>[\/et_pb_text][et_pb_divider color=&#8220;#0079C2&#8243; divider_position=&#8220;center&#8220; divider_weight=&#8220;2px&#8220; _builder_version=&#8220;4.10.7&#8243; max_width=&#8220;90px&#8220; max_width_tablet=&#8220;12%&#8220; max_width_last_edited=&#8220;off|desktop&#8220; module_alignment=&#8220;center&#8220; custom_margin=&#8220;|||&#8220; animation_style=&#8220;flip&#8220; animation_delay=&#8220;50ms&#8220; global_colors_info=&#8220;{}&#8220;][\/et_pb_divider][et_pb_text _builder_version=&#8220;4.10.7&#8243; text_orientation=&#8220;center&#8220; max_width=&#8220;700px&#8220; module_alignment=&#8220;center&#8220; custom_margin=&#8220;25px|||&#8220; animation_style=&#8220;flip&#8220; animation_direction=&#8220;top&#8220; animation_delay=&#8220;100ms&#8220; z_index_tablet=&#8220;500&#8243; text_text_shadow_horizontal_length_tablet=&#8220;0px&#8220; text_text_shadow_vertical_length_tablet=&#8220;0px&#8220; text_text_shadow_blur_strength_tablet=&#8220;1px&#8220; link_text_shadow_horizontal_length_tablet=&#8220;0px&#8220; link_text_shadow_vertical_length_tablet=&#8220;0px&#8220; link_text_shadow_blur_strength_tablet=&#8220;1px&#8220; ul_text_shadow_horizontal_length_tablet=&#8220;0px&#8220; ul_text_shadow_vertical_length_tablet=&#8220;0px&#8220; ul_text_shadow_blur_strength_tablet=&#8220;1px&#8220; ol_text_shadow_horizontal_length_tablet=&#8220;0px&#8220; ol_text_shadow_vertical_length_tablet=&#8220;0px&#8220; ol_text_shadow_blur_strength_tablet=&#8220;1px&#8220; quote_text_shadow_horizontal_length_tablet=&#8220;0px&#8220; quote_text_shadow_vertical_length_tablet=&#8220;0px&#8220; quote_text_shadow_blur_strength_tablet=&#8220;1px&#8220; header_text_shadow_horizontal_length_tablet=&#8220;0px&#8220; header_text_shadow_vertical_length_tablet=&#8220;0px&#8220; header_text_shadow_blur_strength_tablet=&#8220;1px&#8220; header_2_text_shadow_horizontal_length_tablet=&#8220;0px&#8220; header_2_text_shadow_vertical_length_tablet=&#8220;0px&#8220; header_2_text_shadow_blur_strength_tablet=&#8220;1px&#8220; header_3_text_shadow_horizontal_length_tablet=&#8220;0px&#8220; header_3_text_shadow_vertical_length_tablet=&#8220;0px&#8220; header_3_text_shadow_blur_strength_tablet=&#8220;1px&#8220; header_4_text_shadow_horizontal_length_tablet=&#8220;0px&#8220; header_4_text_shadow_vertical_length_tablet=&#8220;0px&#8220; header_4_text_shadow_blur_strength_tablet=&#8220;1px&#8220; header_5_text_shadow_horizontal_length_tablet=&#8220;0px&#8220; header_5_text_shadow_vertical_length_tablet=&#8220;0px&#8220; header_5_text_shadow_blur_strength_tablet=&#8220;1px&#8220; header_6_text_shadow_horizontal_length_tablet=&#8220;0px&#8220; header_6_text_shadow_vertical_length_tablet=&#8220;0px&#8220; header_6_text_shadow_blur_strength_tablet=&#8220;1px&#8220; box_shadow_horizontal_tablet=&#8220;0px&#8220; box_shadow_vertical_tablet=&#8220;0px&#8220; box_shadow_blur_tablet=&#8220;40px&#8220; box_shadow_spread_tablet=&#8220;0px&#8220; global_colors_info=&#8220;{}&#8220;]<\/p>\n<p>Pro \u00fa\u010dastn\u00edky konference TAX FORUM jsme p\u0159ipravili materi\u00e1ly ke sta\u017een\u00ed. Heslo pro sta\u017een\u00ed \u00fa\u010dastn\u00edci z\u00edskaj\u00ed p\u0159\u00edmo na konferenci.<\/p>\n<p>[\/et_pb_text][\/et_pb_column][\/et_pb_row][\/et_pb_section][et_pb_section fb_built=&#8220;1&#8243; _builder_version=&#8220;3.22&#8243; global_colors_info=&#8220;{}&#8220;][et_pb_row _builder_version=&#8220;3.25&#8243; background_size=&#8220;initial&#8220; background_position=&#8220;top_left&#8220; background_repeat=&#8220;repeat&#8220; global_colors_info=&#8220;{}&#8220;][et_pb_column type=&#8220;4_4&#8243; _builder_version=&#8220;3.25&#8243; custom_padding=&#8220;|||&#8220; global_colors_info=&#8220;{}&#8220; custom_padding__hover=&#8220;|||&#8220;][et_pb_text _builder_version=&#8220;4.7.0&#8243; _module_preset=&#8220;default&#8220; text_text_color=&#8220;#7e7f93&#8243; text_font_size=&#8220;18px&#8220; header_2_font=&#8220;Merriweather|700|||||||&#8220; header_2_text_color=&#8220;#212d7d&#8220; header_2_line_height=&#8220;1.4em&#8220; global_colors_info=&#8220;{}&#8220;]<\/p>\n<h2>Prezentace z konference TAX FORUM 2023<\/h2>\n<p>[\/et_pb_text][et_pb_code admin_label=&#8220;Soubory KKPP 2019&#8243; _builder_version=&#8220;4.13.0&#8243; hover_enabled=&#8220;0&#8243; z_index_tablet=&#8220;500&#8243; global_colors_info=&#8220;{}&#8220; sticky_enabled=&#8220;0&#8243;]<div class='w3eden'><!-- WPDM Link Template: Default Template -->\n\n<div class=\"link-template-default card mb-2\">\n    <div class=\"card-body\">\n        <div class=\"media\">\n            <div class=\"mr-3 img-48\"><img decoding=\"async\" class=\"wpdm_icon\" alt=\"Ikona\" src=\"https:\/\/konference.dauc.cz\/taxforum\/wp-content\/plugins\/download-manager\/assets\/file-type-icons\/pptx.svg\" \/><\/div>\n            <div class=\"media-body\">\n                <h3 class=\"package-title\"><a href='https:\/\/konference.dauc.cz\/taxforum\/download\/novinky-v-dph-jan-tecl\/'>Novinky v DPH - Jan tecl<\/a><\/h3>\n                <div class=\"text-muted text-small\"><i class=\"fas fa-copy\"><\/i> 1 soubor(y) <i class=\"fas fa-hdd ml-3\"><\/i> 4.00 KB<\/div>\n            <\/div>\n            <div class=\"ml-3\">\n                <a href='#unlock' class='wpdm-download-link wpdm-download-locked btn btn-primary ' data-package='253'>St\u00e1hnout<\/a>\n            <\/div>\n        <\/div>\n    <\/div>\n<\/div>\n\n<\/div><!-- [et_pb_line_break_holder] --><div class='w3eden'><!-- WPDM Link Template: Default Template -->\n\n<div class=\"link-template-default card mb-2\">\n    <div class=\"card-body\">\n        <div class=\"media\">\n            <div class=\"mr-3 img-48\"><img decoding=\"async\" class=\"wpdm_icon\" alt=\"Ikona\" src=\"https:\/\/konference.dauc.cz\/taxforum\/wp-content\/plugins\/download-manager\/assets\/file-type-icons\/pptx.svg\" \/><\/div>\n            <div class=\"media-body\">\n                <h3 class=\"package-title\"><a href='https:\/\/konference.dauc.cz\/taxforum\/download\/dan-z-prijmu-pravnickych-osob-v-roce-2023-lukas-eisenwort\/'>Da\u0148 z p\u0159\u00edjm\u016f pr\u00e1vnick\u00fdch osob v roce 2023 - Luk\u00e1\u0161 Eisenwort<\/a><\/h3>\n                <div class=\"text-muted text-small\"><i class=\"fas fa-copy\"><\/i> 1 soubor(y) <i class=\"fas fa-hdd ml-3\"><\/i> 629.40 KB<\/div>\n            <\/div>\n            <div class=\"ml-3\">\n                <a href='#unlock' class='wpdm-download-link wpdm-download-locked btn btn-primary ' data-package='250'>St\u00e1hnout<\/a>\n            <\/div>\n        <\/div>\n    <\/div>\n<\/div>\n\n<\/div><!-- [et_pb_line_break_holder] --><div class='w3eden'><!-- WPDM Link Template: Default Template -->\n\n<div class=\"link-template-default card mb-2\">\n    <div class=\"card-body\">\n        <div class=\"media\">\n            <div class=\"mr-3 img-48\"><img decoding=\"async\" class=\"wpdm_icon\" alt=\"Ikona\" src=\"https:\/\/konference.dauc.cz\/taxforum\/wp-content\/plugins\/download-manager\/assets\/file-type-icons\/pptx.svg\" \/><\/div>\n            <div class=\"media-body\">\n                <h3 class=\"package-title\"><a href='https:\/\/konference.dauc.cz\/taxforum\/download\/dan-z-prijmu-fyzickych-osob-v-roce-2023-michal-skrabis\/'>Da\u0148 z p\u0159\u00edjmu fyzick\u00fdch osob v roce 2023 - Michal \u0160krabi\u0161<\/a><\/h3>\n                <div class=\"text-muted text-small\"><i class=\"fas fa-copy\"><\/i> 1 soubor(y) <i class=\"fas fa-hdd ml-3\"><\/i> 615.87 KB<\/div>\n            <\/div>\n            <div class=\"ml-3\">\n                <a href='#unlock' class='wpdm-download-link wpdm-download-locked btn btn-primary ' data-package='246'>St\u00e1hnout<\/a>\n            <\/div>\n        <\/div>\n    <\/div>\n<\/div>\n\n<\/div><!-- [et_pb_line_break_holder] --><div class='w3eden'><!-- WPDM Link Template: Default Template -->\n\n<div class=\"link-template-default card mb-2\">\n    <div class=\"card-body\">\n        <div class=\"media\">\n            <div class=\"mr-3 img-48\"><img decoding=\"async\" class=\"wpdm_icon\" alt=\"Ikona\" src=\"https:\/\/konference.dauc.cz\/taxforum\/wp-content\/plugins\/download-manager\/assets\/file-type-icons\/pptx.svg\" \/><\/div>\n            <div class=\"media-body\">\n                <h3 class=\"package-title\"><a href='https:\/\/konference.dauc.cz\/taxforum\/download\/zmeny-ve-sprave-dani-v-roce-2023\/'>Zm\u011bny ve spr\u00e1v\u011b dan\u00ed v roce 2023 - \u0160t\u011bp\u00e1n Eichinger<\/a><\/h3>\n                <div class=\"text-muted text-small\"><i class=\"fas fa-copy\"><\/i> 1 soubor(y) <i class=\"fas fa-hdd ml-3\"><\/i> 518.82 KB<\/div>\n            <\/div>\n            <div class=\"ml-3\">\n                <a href='#unlock' class='wpdm-download-link wpdm-download-locked btn btn-primary ' data-package='247'>St\u00e1hnout<\/a>\n            <\/div>\n        <\/div>\n    <\/div>\n<\/div>\n\n<\/div><!-- [et_pb_line_break_holder] --><div class='w3eden'><!-- WPDM Link Template: Default Template -->\n\n<div class=\"link-template-default card mb-2\">\n    <div class=\"card-body\">\n        <div class=\"media\">\n            <div class=\"mr-3 img-48\"><img decoding=\"async\" class=\"wpdm_icon\" alt=\"Ikona\" src=\"https:\/\/konference.dauc.cz\/taxforum\/wp-content\/plugins\/download-manager\/assets\/file-type-icons\/pdf.svg\" \/><\/div>\n            <div class=\"media-body\">\n                <h3 class=\"package-title\"><a href='https:\/\/konference.dauc.cz\/taxforum\/download\/automatizace-ucetnich-oddeleni-lukas-zeman\/'>Automatizace \u00fa\u010detn\u00edch odd\u011blen\u00ed - Luk\u00e1\u0161 Zeman<\/a><\/h3>\n                <div class=\"text-muted text-small\"><i class=\"fas fa-copy\"><\/i> 1 soubor(y) <i class=\"fas fa-hdd ml-3\"><\/i> 1.37 MB<\/div>\n            <\/div>\n            <div class=\"ml-3\">\n                <a href='#unlock' class='wpdm-download-link wpdm-download-locked btn btn-primary ' data-package='258'>St\u00e1hnout<\/a>\n            <\/div>\n        <\/div>\n    <\/div>\n<\/div>\n\n<\/div><!-- [et_pb_line_break_holder] --><div class='w3eden'><!-- WPDM Link Template: Default Template -->\n\n<div class=\"link-template-default card mb-2\">\n    <div class=\"card-body\">\n        <div class=\"media\">\n            <div class=\"mr-3 img-48\"><img decoding=\"async\" class=\"wpdm_icon\" alt=\"Ikona\" src=\"https:\/\/konference.dauc.cz\/taxforum\/wp-content\/plugins\/download-manager\/assets\/file-type-icons\/pptx.svg\" \/><\/div>\n            <div class=\"media-body\">\n                <h3 class=\"package-title\"><a href='https:\/\/konference.dauc.cz\/taxforum\/download\/windfall-tax-jan-kotala\/'>Windfall tax - Jan Kotala<\/a><\/h3>\n                <div class=\"text-muted text-small\"><i class=\"fas fa-copy\"><\/i> 1 soubor(y) <i class=\"fas fa-hdd ml-3\"><\/i> 943.23 KB<\/div>\n            <\/div>\n            <div class=\"ml-3\">\n                <a href='#unlock' class='wpdm-download-link wpdm-download-locked btn btn-primary ' data-package='255'>St\u00e1hnout<\/a>\n            <\/div>\n        <\/div>\n    <\/div>\n<\/div>\n\n<\/div>[\/et_pb_code][\/et_pb_column][\/et_pb_row][\/et_pb_section][et_pb_section fb_built=&#8220;1&#8243; _builder_version=&#8220;3.22&#8243; global_colors_info=&#8220;{}&#8220;][et_pb_row _builder_version=&#8220;3.25&#8243; background_size=&#8220;initial&#8220; background_position=&#8220;top_left&#8220; background_repeat=&#8220;repeat&#8220; global_colors_info=&#8220;{}&#8220;][et_pb_column type=&#8220;4_4&#8243; _builder_version=&#8220;3.25&#8243; custom_padding=&#8220;|||&#8220; global_colors_info=&#8220;{}&#8220; custom_padding__hover=&#8220;|||&#8220;][et_pb_text _builder_version=&#8220;4.7.0&#8243; _module_preset=&#8220;default&#8220; text_text_color=&#8220;#7e7f93&#8243; text_font_size=&#8220;18px&#8220; header_2_font=&#8220;Merriweather|700|||||||&#8220; header_2_text_color=&#8220;#212d7d&#8220; header_2_line_height=&#8220;1.4em&#8220; global_colors_info=&#8220;{}&#8220;]<\/p>\n<h2>Prezentace z konference TAX FORUM 2022<\/h2>\n<p>[\/et_pb_text][et_pb_code admin_label=&#8220;Soubory KKPP 2019&#8243; _builder_version=&#8220;4.13.0&#8243; z_index_tablet=&#8220;500&#8243; global_colors_info=&#8220;{}&#8220;]<div class='w3eden'><!-- WPDM Link Template: Default Template -->\n\n<div class=\"link-template-default card mb-2\">\n    <div class=\"card-body\">\n        <div class=\"media\">\n            <div class=\"mr-3 img-48\"><img decoding=\"async\" class=\"wpdm_icon\" alt=\"Ikona\" src=\"https:\/\/konference.dauc.cz\/taxforum\/wp-content\/plugins\/download-manager\/assets\/file-type-icons\/pptx.svg\" \/><\/div>\n            <div class=\"media-body\">\n                <h3 class=\"package-title\"><a href='https:\/\/konference.dauc.cz\/taxforum\/download\/dan-z-prijmu-pravnickych-osob-v-roce-2022-ing-lenka-oplustilova\/'>Da\u0148 z p\u0159\u00edjmu pr\u00e1vnick\u00fdch osob v roce 2022 - Ing. Lenka Oplu\u0161tilov\u00e1<\/a><\/h3>\n                <div class=\"text-muted text-small\"><i class=\"fas fa-copy\"><\/i> 1 soubor(y) <i class=\"fas fa-hdd ml-3\"><\/i> 111.63 KB<\/div>\n            <\/div>\n            <div class=\"ml-3\">\n                <a href='#unlock' class='wpdm-download-link wpdm-download-locked btn btn-primary ' data-package='179'>St\u00e1hnout<\/a>\n            <\/div>\n        <\/div>\n    <\/div>\n<\/div>\n\n<\/div><!-- [et_pb_line_break_holder] --><div class='w3eden'><!-- WPDM Link Template: Default Template -->\n\n<div class=\"link-template-default card mb-2\">\n    <div class=\"card-body\">\n        <div class=\"media\">\n            <div class=\"mr-3 img-48\"><img decoding=\"async\" class=\"wpdm_icon\" alt=\"Ikona\" src=\"https:\/\/konference.dauc.cz\/taxforum\/wp-content\/plugins\/download-manager\/assets\/file-type-icons\/pptx.svg\" \/><\/div>\n            <div class=\"media-body\">\n                <h3 class=\"package-title\"><a href='https:\/\/konference.dauc.cz\/taxforum\/download\/spotrebni-dane-v-letech-2022-a-2023-ing-ivo-sulc\/'>Spot\u0159ebn\u00ed dan\u011b v letech 2022 a 2023 - Ing. Ivo \u0160ulc<\/a><\/h3>\n                <div class=\"text-muted text-small\"><i class=\"fas fa-copy\"><\/i> 1 soubor(y) <i class=\"fas fa-hdd ml-3\"><\/i> 156.18 KB<\/div>\n            <\/div>\n            <div class=\"ml-3\">\n                <a href='#unlock' class='wpdm-download-link wpdm-download-locked btn btn-primary ' data-package='181'>St\u00e1hnout<\/a>\n            <\/div>\n        <\/div>\n    <\/div>\n<\/div>\n\n<\/div><!-- [et_pb_line_break_holder] --><div class='w3eden'><!-- WPDM Link Template: Default Template -->\n\n<div class=\"link-template-default card mb-2\">\n    <div class=\"card-body\">\n        <div class=\"media\">\n            <div class=\"mr-3 img-48\"><img decoding=\"async\" class=\"wpdm_icon\" alt=\"Ikona\" src=\"https:\/\/konference.dauc.cz\/taxforum\/wp-content\/plugins\/download-manager\/assets\/file-type-icons\/pptx.svg\" \/><\/div>\n            <div class=\"media-body\">\n                <h3 class=\"package-title\"><a href='https:\/\/konference.dauc.cz\/taxforum\/download\/zdaneni-fyzickych-osob-2022-ing-jana-tepperova-ing-lucie-wadurova\/'>Zdan\u011bn\u00ed fyzick\u00fdch osob 2022 - Ing. Jana Tepperov\u00e1, Ing. Lucie Wadurov\u00e1<\/a><\/h3>\n                <div class=\"text-muted text-small\"><i class=\"fas fa-copy\"><\/i> 1 soubor(y) <i class=\"fas fa-hdd ml-3\"><\/i> 71.21 KB<\/div>\n            <\/div>\n            <div class=\"ml-3\">\n                <a href='#unlock' class='wpdm-download-link wpdm-download-locked btn btn-primary ' data-package='182'>St\u00e1hnout<\/a>\n            <\/div>\n        <\/div>\n    <\/div>\n<\/div>\n\n<\/div><!-- [et_pb_line_break_holder] --><div class='w3eden'><!-- WPDM Link Template: Default Template -->\n\n<div class=\"link-template-default card mb-2\">\n    <div class=\"card-body\">\n        <div class=\"media\">\n            <div class=\"mr-3 img-48\"><img decoding=\"async\" class=\"wpdm_icon\" alt=\"Ikona\" src=\"https:\/\/konference.dauc.cz\/taxforum\/wp-content\/plugins\/download-manager\/assets\/file-type-icons\/pdf.svg\" \/><\/div>\n            <div class=\"media-body\">\n                <h3 class=\"package-title\"><a href='https:\/\/konference.dauc.cz\/taxforum\/download\/novinky-v-dph-na-rok-2022-ing-jan-tecl\/'>Novinky v DPH na rok 2022 - Ing. Jan Tecl<\/a><\/h3>\n                <div class=\"text-muted text-small\"><i class=\"fas fa-copy\"><\/i> 1 soubor(y) <i class=\"fas fa-hdd ml-3\"><\/i> 296.57 KB<\/div>\n            <\/div>\n            <div class=\"ml-3\">\n                <a href='#unlock' class='wpdm-download-link wpdm-download-locked btn btn-primary ' data-package='180'>St\u00e1hnout<\/a>\n            <\/div>\n        <\/div>\n    <\/div>\n<\/div>\n\n<\/div><!-- [et_pb_line_break_holder] --><div class='w3eden'><!-- WPDM Link Template: Default Template -->\n\n<div class=\"link-template-default card mb-2\">\n    <div class=\"card-body\">\n        <div class=\"media\">\n            <div class=\"mr-3 img-48\"><img decoding=\"async\" class=\"wpdm_icon\" alt=\"Ikona\" src=\"https:\/\/konference.dauc.cz\/taxforum\/wp-content\/plugins\/download-manager\/assets\/file-type-icons\/pptx.svg\" \/><\/div>\n            <div class=\"media-body\">\n                <h3 class=\"package-title\"><a href='https:\/\/konference.dauc.cz\/taxforum\/download\/prevodni-ceny-v-roce-2022-ing-lukas-eisenwort\/'>P\u0159evodn\u00ed ceny v roce 2022 - Ing. Luk\u00e1\u0161 Eisenwort<\/a><\/h3>\n                <div class=\"text-muted text-small\"><i class=\"fas fa-copy\"><\/i> 1 soubor(y) <i class=\"fas fa-hdd ml-3\"><\/i> 1.04 MB<\/div>\n            <\/div>\n            <div class=\"ml-3\">\n                <a href='#unlock' class='wpdm-download-link wpdm-download-locked btn btn-primary ' data-package='183'>St\u00e1hnout<\/a>\n            <\/div>\n        <\/div>\n    <\/div>\n<\/div>\n\n<\/div><!-- [et_pb_line_break_holder] --><div class='w3eden'><!-- WPDM Link Template: Default Template -->\n\n<div class=\"link-template-default card mb-2\">\n    <div class=\"card-body\">\n        <div class=\"media\">\n            <div class=\"mr-3 img-48\"><img decoding=\"async\" class=\"wpdm_icon\" alt=\"Ikona\" src=\"https:\/\/konference.dauc.cz\/taxforum\/wp-content\/plugins\/download-manager\/assets\/file-type-icons\/pdf.svg\" \/><\/div>\n            <div class=\"media-body\">\n                <h3 class=\"package-title\"><a href='https:\/\/konference.dauc.cz\/taxforum\/download\/digitalizace-financni-spravy-v%e2%80%afdobe-covidu-mgr-kristina-sumichrastova\/'>Digitalizace finan\u010dn\u00ed spr\u00e1vy v\u202fdob\u011b COVIDu - Mgr. Kristina \u0160umichrastov\u00e1<\/a><\/h3>\n                <div class=\"text-muted text-small\"><i class=\"fas fa-copy\"><\/i> 1 soubor(y) <i class=\"fas fa-hdd ml-3\"><\/i> 2.15 MB<\/div>\n            <\/div>\n            <div class=\"ml-3\">\n                <a href='#unlock' class='wpdm-download-link wpdm-download-locked btn btn-primary ' data-package='184'>St\u00e1hnout<\/a>\n            <\/div>\n        <\/div>\n    <\/div>\n<\/div>\n\n<\/div><!-- [et_pb_line_break_holder] --><div class='w3eden'><!-- WPDM Link Template: Default Template -->\n\n<div class=\"link-template-default card mb-2\">\n    <div class=\"card-body\">\n        <div class=\"media\">\n            <div class=\"mr-3 img-48\"><img decoding=\"async\" class=\"wpdm_icon\" alt=\"Ikona\" src=\"https:\/\/konference.dauc.cz\/taxforum\/wp-content\/plugins\/download-manager\/assets\/file-type-icons\/ppt.svg\" \/><\/div>\n            <div class=\"media-body\">\n                <h3 class=\"package-title\"><a href='https:\/\/konference.dauc.cz\/taxforum\/download\/danova-podpora-vyzkumu-a-vyvoje-v-roce-2022-ing-jiri-bohm\/'>Da\u0148ov\u00e1 podpora v\u00fdzkumu a v\u00fdvoje v roce 2022 - Ing. Ji\u0159\u00ed B\u00f6hm<\/a><\/h3>\n                <div class=\"text-muted text-small\"><i class=\"fas fa-copy\"><\/i> 1 soubor(y) <i class=\"fas fa-hdd ml-3\"><\/i> 1.88 MB<\/div>\n            <\/div>\n            <div class=\"ml-3\">\n                <a href='#unlock' class='wpdm-download-link wpdm-download-locked btn btn-primary ' data-package='186'>St\u00e1hnout<\/a>\n            <\/div>\n        <\/div>\n    <\/div>\n<\/div>\n\n<\/div><!-- [et_pb_line_break_holder] --><div class='w3eden'><!-- WPDM Link Template: Default Template -->\n\n<div class=\"link-template-default card mb-2\">\n    <div class=\"card-body\">\n        <div class=\"media\">\n            <div class=\"mr-3 img-48\"><img decoding=\"async\" class=\"wpdm_icon\" alt=\"Ikona\" src=\"https:\/\/konference.dauc.cz\/taxforum\/wp-content\/plugins\/download-manager\/assets\/file-type-icons\/pptx.svg\" \/><\/div>\n            <div class=\"media-body\">\n                <h3 class=\"package-title\"><a href='https:\/\/konference.dauc.cz\/taxforum\/download\/udrzitelnost-verejnych-financi-v-letech-2021-2030-prof-jan-pavel-ph-d\/'>Udr\u017eitelnost ve\u0159ejn\u00fdch financ\u00ed v letech 2021\u20132030 - Prof. Jan Pavel, Ph.D.<\/a><\/h3>\n                <div class=\"text-muted text-small\"><i class=\"fas fa-copy\"><\/i> 1 soubor(y) <i class=\"fas fa-hdd ml-3\"><\/i> 656.10 KB<\/div>\n            <\/div>\n            <div class=\"ml-3\">\n                <a href='#unlock' class='wpdm-download-link wpdm-download-locked btn btn-primary ' data-package='187'>St\u00e1hnout<\/a>\n            <\/div>\n        <\/div>\n    <\/div>\n<\/div>\n\n<\/div><!-- [et_pb_line_break_holder] --><div class='w3eden'><!-- WPDM Link Template: Default Template -->\n\n<div class=\"link-template-default card mb-2\">\n    <div class=\"card-body\">\n        <div class=\"media\">\n            <div class=\"mr-3 img-48\"><img decoding=\"async\" class=\"wpdm_icon\" alt=\"Ikona\" src=\"https:\/\/konference.dauc.cz\/taxforum\/wp-content\/plugins\/download-manager\/assets\/file-type-icons\/pdf.svg\" \/><\/div>\n            <div class=\"media-body\">\n                <h3 class=\"package-title\"><a href='https:\/\/konference.dauc.cz\/taxforum\/download\/odpocet-na-podporu-vyzkumu-a-vyvoje-v-roce-2022-ayming\/'>Odpo\u010det na podporu v\u00fdzkumu a v\u00fdvoje v roce 2022 - Ayming<\/a><\/h3>\n                <div class=\"text-muted text-small\"><i class=\"fas fa-copy\"><\/i> 1 soubor(y) <i class=\"fas fa-hdd ml-3\"><\/i> 4.39 MB<\/div>\n            <\/div>\n            <div class=\"ml-3\">\n                <a href='#unlock' class='wpdm-download-link wpdm-download-locked btn btn-primary ' data-package='189'>St\u00e1hnout<\/a>\n            <\/div>\n        <\/div>\n    <\/div>\n<\/div>\n\n<\/div>[\/et_pb_code][\/et_pb_column][\/et_pb_row][\/et_pb_section]<\/p>\n","protected":false},"excerpt":{"rendered":"<p>Ke sta\u017een\u00edPro \u00fa\u010dastn\u00edky konference TAX FORUM jsme p\u0159ipravili materi\u00e1ly ke sta\u017een\u00ed. Heslo pro sta\u017een\u00ed \u00fa\u010dastn\u00edci z\u00edskaj\u00ed p\u0159\u00edmo na konferenci.Prezentace z konference TAX FORUM 2023<div class='w3eden'><!-- WPDM Link Template: Default Template -->\n\n<div class=\"link-template-default card mb-2\">\n    <div class=\"card-body\">\n        <div class=\"media\">\n            <div class=\"mr-3 img-48\"><img decoding=\"async\" class=\"wpdm_icon\" alt=\"Ikona\" src=\"https:\/\/konference.dauc.cz\/taxforum\/wp-content\/plugins\/download-manager\/assets\/file-type-icons\/pptx.svg\" \/><\/div>\n            <div class=\"media-body\">\n                <h3 class=\"package-title\"><a href='https:\/\/konference.dauc.cz\/taxforum\/download\/novinky-v-dph-jan-tecl\/'>Novinky v DPH - Jan tecl<\/a><\/h3>\n                <div class=\"text-muted text-small\"><i class=\"fas fa-copy\"><\/i> 1 soubor(y) <i class=\"fas fa-hdd ml-3\"><\/i> 4.00 KB<\/div>\n            <\/div>\n            <div class=\"ml-3\">\n                <a href='#unlock' class='wpdm-download-link wpdm-download-locked btn btn-primary ' data-package='253'>St\u00e1hnout<\/a>\n            <\/div>\n        <\/div>\n    <\/div>\n<\/div>\n\n<\/div><div class='w3eden'><!-- WPDM Link Template: Default Template -->\n\n<div class=\"link-template-default card mb-2\">\n    <div class=\"card-body\">\n        <div class=\"media\">\n            <div class=\"mr-3 img-48\"><img decoding=\"async\" class=\"wpdm_icon\" alt=\"Ikona\" src=\"https:\/\/konference.dauc.cz\/taxforum\/wp-content\/plugins\/download-manager\/assets\/file-type-icons\/pptx.svg\" \/><\/div>\n            <div class=\"media-body\">\n                <h3 class=\"package-title\"><a href='https:\/\/konference.dauc.cz\/taxforum\/download\/dan-z-prijmu-pravnickych-osob-v-roce-2023-lukas-eisenwort\/'>Da\u0148 z p\u0159\u00edjm\u016f pr\u00e1vnick\u00fdch osob v roce 2023 - Luk\u00e1\u0161 Eisenwort<\/a><\/h3>\n                <div class=\"text-muted text-small\"><i class=\"fas fa-copy\"><\/i> 1 soubor(y) <i class=\"fas fa-hdd ml-3\"><\/i> 629.40 KB<\/div>\n            <\/div>\n            <div class=\"ml-3\">\n                <a href='#unlock' class='wpdm-download-link wpdm-download-locked btn btn-primary ' data-package='250'>St\u00e1hnout<\/a>\n            <\/div>\n        <\/div>\n    <\/div>\n<\/div>\n\n<\/div><div class='w3eden'><!-- WPDM Link Template: Default Template -->\n\n<div class=\"link-template-default card mb-2\">\n    <div class=\"card-body\">\n        <div class=\"media\">\n            <div class=\"mr-3 img-48\"><img decoding=\"async\" class=\"wpdm_icon\" alt=\"Ikona\" src=\"https:\/\/konference.dauc.cz\/taxforum\/wp-content\/plugins\/download-manager\/assets\/file-type-icons\/pptx.svg\" \/><\/div>\n            <div class=\"media-body\">\n                <h3 class=\"package-title\"><a href='https:\/\/konference.dauc.cz\/taxforum\/download\/dan-z-prijmu-fyzickych-osob-v-roce-2023-michal-skrabis\/'>Da\u0148 z p\u0159\u00edjmu fyzick\u00fdch osob v roce 2023 - Michal \u0160krabi\u0161<\/a><\/h3>\n                <div class=\"text-muted text-small\"><i class=\"fas fa-copy\"><\/i> 1 soubor(y) <i class=\"fas fa-hdd ml-3\"><\/i> 615.87 KB<\/div>\n            <\/div>\n            <div class=\"ml-3\">\n                <a href='#unlock' class='wpdm-download-link wpdm-download-locked btn btn-primary ' data-package='246'>St\u00e1hnout<\/a>\n            <\/div>\n        <\/div>\n    <\/div>\n<\/div>\n\n<\/div><div class='w3eden'><!-- WPDM Link Template: Default Template -->\n\n<div class=\"link-template-default card mb-2\">\n    <div class=\"card-body\">\n        <div class=\"media\">\n            <div class=\"mr-3 img-48\"><img decoding=\"async\" class=\"wpdm_icon\" alt=\"Ikona\" src=\"https:\/\/konference.dauc.cz\/taxforum\/wp-content\/plugins\/download-manager\/assets\/file-type-icons\/pptx.svg\" \/><\/div>\n            <div class=\"media-body\">\n                <h3 class=\"package-title\"><a href='https:\/\/konference.dauc.cz\/taxforum\/download\/zmeny-ve-sprave-dani-v-roce-2023\/'>Zm\u011bny ve spr\u00e1v\u011b dan\u00ed v roce 2023 - \u0160t\u011bp\u00e1n Eichinger<\/a><\/h3>\n                <div class=\"text-muted text-small\"><i class=\"fas fa-copy\"><\/i> 1 soubor(y) <i class=\"fas fa-hdd ml-3\"><\/i> 518.82 KB<\/div>\n            <\/div>\n            <div class=\"ml-3\">\n                <a href='#unlock' class='wpdm-download-link wpdm-download-locked btn btn-primary ' data-package='247'>St\u00e1hnout<\/a>\n            <\/div>\n        <\/div>\n    <\/div>\n<\/div>\n\n<\/div><div class='w3eden'><!-- WPDM Link Template: Default Template -->\n\n<div class=\"link-template-default card mb-2\">\n    <div class=\"card-body\">\n        <div class=\"media\">\n            <div class=\"mr-3 img-48\"><img decoding=\"async\" class=\"wpdm_icon\" alt=\"Ikona\" src=\"https:\/\/konference.dauc.cz\/taxforum\/wp-content\/plugins\/download-manager\/assets\/file-type-icons\/pdf.svg\" \/><\/div>\n            <div class=\"media-body\">\n                <h3 class=\"package-title\"><a href='https:\/\/konference.dauc.cz\/taxforum\/download\/automatizace-ucetnich-oddeleni-lukas-zeman\/'>Automatizace \u00fa\u010detn\u00edch odd\u011blen\u00ed - Luk\u00e1\u0161 Zeman<\/a><\/h3>\n                <div class=\"text-muted text-small\"><i class=\"fas fa-copy\"><\/i> 1 soubor(y) <i class=\"fas fa-hdd ml-3\"><\/i> 1.37 MB<\/div>\n            <\/div>\n            <div class=\"ml-3\">\n                <a href='#unlock' class='wpdm-download-link wpdm-download-locked btn btn-primary ' data-package='258'>St\u00e1hnout<\/a>\n            <\/div>\n        <\/div>\n    <\/div>\n<\/div>\n\n<\/div><div class='w3eden'><!-- WPDM Link Template: Default Template -->\n\n<div class=\"link-template-default card mb-2\">\n    <div class=\"card-body\">\n        <div class=\"media\">\n            <div class=\"mr-3 img-48\"><img decoding=\"async\" class=\"wpdm_icon\" alt=\"Ikona\" src=\"https:\/\/konference.dauc.cz\/taxforum\/wp-content\/plugins\/download-manager\/assets\/file-type-icons\/pptx.svg\" \/><\/div>\n            <div class=\"media-body\">\n                <h3 class=\"package-title\"><a href='https:\/\/konference.dauc.cz\/taxforum\/download\/windfall-tax-jan-kotala\/'>Windfall tax - Jan Kotala<\/a><\/h3>\n                <div class=\"text-muted text-small\"><i class=\"fas fa-copy\"><\/i> 1 soubor(y) <i class=\"fas fa-hdd ml-3\"><\/i> 943.23 KB<\/div>\n            <\/div>\n            <div class=\"ml-3\">\n                <a href='#unlock' class='wpdm-download-link wpdm-download-locked btn btn-primary ' data-package='255'>St\u00e1hnout<\/a>\n            <\/div>\n        <\/div>\n    <\/div>\n<\/div>\n\n<\/div>Prezentace z konference TAX FORUM 2022<div class='w3eden'><!-- WPDM Link Template: Default Template -->\n\n<div class=\"link-template-default card mb-2\">\n    <div class=\"card-body\">\n        <div class=\"media\">\n            <div class=\"mr-3 img-48\"><img decoding=\"async\" class=\"wpdm_icon\" alt=\"Ikona\" src=\"https:\/\/konference.dauc.cz\/taxforum\/wp-content\/plugins\/download-manager\/assets\/file-type-icons\/pptx.svg\" \/><\/div>\n            <div class=\"media-body\">\n                <h3 class=\"package-title\"><a href='https:\/\/konference.dauc.cz\/taxforum\/download\/dan-z-prijmu-pravnickych-osob-v-roce-2022-ing-lenka-oplustilova\/'>Da\u0148 z p\u0159\u00edjmu pr\u00e1vnick\u00fdch osob v roce 2022 - Ing. Lenka Oplu\u0161tilov\u00e1<\/a><\/h3>\n                <div class=\"text-muted text-small\"><i class=\"fas fa-copy\"><\/i> 1 soubor(y) <i class=\"fas fa-hdd ml-3\"><\/i> 111.63 KB<\/div>\n            <\/div>\n            <div class=\"ml-3\">\n                <a href='#unlock' class='wpdm-download-link wpdm-download-locked btn btn-primary ' data-package='179'>St\u00e1hnout<\/a>\n            <\/div>\n        <\/div>\n    <\/div>\n<\/div>\n\n<\/div><div class='w3eden'><!-- WPDM Link Template: Default Template -->\n\n<div class=\"link-template-default card mb-2\">\n    <div class=\"card-body\">\n        <div class=\"media\">\n            <div class=\"mr-3 img-48\"><img decoding=\"async\" class=\"wpdm_icon\" alt=\"Ikona\" src=\"https:\/\/konference.dauc.cz\/taxforum\/wp-content\/plugins\/download-manager\/assets\/file-type-icons\/pptx.svg\" \/><\/div>\n            <div class=\"media-body\">\n                <h3 class=\"package-title\"><a href='https:\/\/konference.dauc.cz\/taxforum\/download\/spotrebni-dane-v-letech-2022-a-2023-ing-ivo-sulc\/'>Spot\u0159ebn\u00ed dan\u011b v letech 2022 a 2023 - Ing. Ivo \u0160ulc<\/a><\/h3>\n                <div class=\"text-muted text-small\"><i class=\"fas fa-copy\"><\/i> 1 soubor(y) <i class=\"fas fa-hdd ml-3\"><\/i> 156.18 KB<\/div>\n            <\/div>\n            <div class=\"ml-3\">\n                <a href='#unlock' class='wpdm-download-link wpdm-download-locked btn btn-primary ' data-package='181'>St\u00e1hnout<\/a>\n            <\/div>\n        <\/div>\n    <\/div>\n<\/div>\n\n<\/div><div class='w3eden'><!-- WPDM Link Template: Default Template -->\n\n<div class=\"link-template-default card mb-2\">\n    <div class=\"card-body\">\n        <div class=\"media\">\n            <div class=\"mr-3 img-48\"><img decoding=\"async\" class=\"wpdm_icon\" alt=\"Ikona\" src=\"https:\/\/konference.dauc.cz\/taxforum\/wp-content\/plugins\/download-manager\/assets\/file-type-icons\/pptx.svg\" \/><\/div>\n            <div class=\"media-body\">\n                <h3 class=\"package-title\"><a href='https:\/\/konference.dauc.cz\/taxforum\/download\/zdaneni-fyzickych-osob-2022-ing-jana-tepperova-ing-lucie-wadurova\/'>Zdan\u011bn\u00ed fyzick\u00fdch osob 2022 - Ing. Jana Tepperov\u00e1, Ing. Lucie Wadurov\u00e1<\/a><\/h3>\n                <div class=\"text-muted text-small\"><i class=\"fas fa-copy\"><\/i> 1 soubor(y) <i class=\"fas fa-hdd ml-3\"><\/i> 71.21 KB<\/div>\n            <\/div>\n            <div class=\"ml-3\">\n                <a href='#unlock' class='wpdm-download-link wpdm-download-locked btn btn-primary ' data-package='182'>St\u00e1hnout<\/a>\n            <\/div>\n        <\/div>\n    <\/div>\n<\/div>\n\n<\/div><div class='w3eden'><!-- WPDM Link Template: Default Template -->\n\n<div class=\"link-template-default card mb-2\">\n    <div class=\"card-body\">\n        <div class=\"media\">\n            <div class=\"mr-3 img-48\"><img decoding=\"async\" class=\"wpdm_icon\" alt=\"Ikona\" src=\"https:\/\/konference.dauc.cz\/taxforum\/wp-content\/plugins\/download-manager\/assets\/file-type-icons\/pdf.svg\" \/><\/div>\n            <div class=\"media-body\">\n                <h3 class=\"package-title\"><a href='https:\/\/konference.dauc.cz\/taxforum\/download\/novinky-v-dph-na-rok-2022-ing-jan-tecl\/'>Novinky v DPH na rok 2022 - Ing. Jan Tecl<\/a><\/h3>\n                <div class=\"text-muted text-small\"><i class=\"fas fa-copy\"><\/i> 1 soubor(y) <i class=\"fas fa-hdd ml-3\"><\/i> 296.57 KB<\/div>\n            <\/div>\n            <div class=\"ml-3\">\n                <a href='#unlock' class='wpdm-download-link wpdm-download-locked btn btn-primary ' data-package='180'>St\u00e1hnout<\/a>\n            <\/div>\n        <\/div>\n    <\/div>\n<\/div>\n\n<\/div><div class='w3eden'><!-- WPDM Link Template: Default Template -->\n\n<div class=\"link-template-default card mb-2\">\n    <div class=\"card-body\">\n        <div class=\"media\">\n            <div class=\"mr-3 img-48\"><img decoding=\"async\" class=\"wpdm_icon\" alt=\"Ikona\" src=\"https:\/\/konference.dauc.cz\/taxforum\/wp-content\/plugins\/download-manager\/assets\/file-type-icons\/pptx.svg\" \/><\/div>\n            <div class=\"media-body\">\n                <h3 class=\"package-title\"><a href='https:\/\/konference.dauc.cz\/taxforum\/download\/prevodni-ceny-v-roce-2022-ing-lukas-eisenwort\/'>P\u0159evodn\u00ed ceny v roce 2022 - Ing. Luk\u00e1\u0161 Eisenwort<\/a><\/h3>\n                <div class=\"text-muted text-small\"><i class=\"fas fa-copy\"><\/i> 1 soubor(y) <i class=\"fas fa-hdd ml-3\"><\/i> 1.04 MB<\/div>\n            <\/div>\n            <div class=\"ml-3\">\n                <a href='#unlock' class='wpdm-download-link wpdm-download-locked btn btn-primary ' data-package='183'>St\u00e1hnout<\/a>\n            <\/div>\n        <\/div>\n    <\/div>\n<\/div>\n\n<\/div><div class='w3eden'><!-- WPDM Link Template: Default Template -->\n\n<div class=\"link-template-default card mb-2\">\n    <div class=\"card-body\">\n        <div class=\"media\">\n            <div class=\"mr-3 img-48\"><img decoding=\"async\" class=\"wpdm_icon\" alt=\"Ikona\" src=\"https:\/\/konference.dauc.cz\/taxforum\/wp-content\/plugins\/download-manager\/assets\/file-type-icons\/pdf.svg\" \/><\/div>\n            <div class=\"media-body\">\n                <h3 class=\"package-title\"><a href='https:\/\/konference.dauc.cz\/taxforum\/download\/digitalizace-financni-spravy-v%e2%80%afdobe-covidu-mgr-kristina-sumichrastova\/'>Digitalizace finan\u010dn\u00ed spr\u00e1vy v\u202fdob\u011b COVIDu - Mgr. Kristina \u0160umichrastov\u00e1<\/a><\/h3>\n                <div class=\"text-muted text-small\"><i class=\"fas fa-copy\"><\/i> 1 soubor(y) <i class=\"fas fa-hdd ml-3\"><\/i> 2.15 MB<\/div>\n            <\/div>\n            <div class=\"ml-3\">\n                <a href='#unlock' class='wpdm-download-link wpdm-download-locked btn btn-primary ' data-package='184'>St\u00e1hnout<\/a>\n            <\/div>\n        <\/div>\n    <\/div>\n<\/div>\n\n<\/div><div class='w3eden'><!-- WPDM Link Template: Default Template -->\n\n<div class=\"link-template-default card mb-2\">\n    <div class=\"card-body\">\n        <div class=\"media\">\n            <div class=\"mr-3 img-48\"><img decoding=\"async\" class=\"wpdm_icon\" alt=\"Ikona\" src=\"https:\/\/konference.dauc.cz\/taxforum\/wp-content\/plugins\/download-manager\/assets\/file-type-icons\/ppt.svg\" \/><\/div>\n            <div class=\"media-body\">\n                <h3 class=\"package-title\"><a href='https:\/\/konference.dauc.cz\/taxforum\/download\/danova-podpora-vyzkumu-a-vyvoje-v-roce-2022-ing-jiri-bohm\/'>Da\u0148ov\u00e1 podpora v\u00fdzkumu a v\u00fdvoje v roce 2022 - Ing. Ji\u0159\u00ed B\u00f6hm<\/a><\/h3>\n                <div class=\"text-muted text-small\"><i class=\"fas fa-copy\"><\/i> 1 soubor(y) <i class=\"fas fa-hdd ml-3\"><\/i> 1.88 MB<\/div>\n            <\/div>\n            <div class=\"ml-3\">\n                <a href='#unlock' class='wpdm-download-link wpdm-download-locked btn btn-primary ' data-package='186'>St\u00e1hnout<\/a>\n            <\/div>\n        <\/div>\n    <\/div>\n<\/div>\n\n<\/div><div class='w3eden'><!-- WPDM Link Template: Default Template -->\n\n<div class=\"link-template-default card mb-2\">\n    <div class=\"card-body\">\n        <div class=\"media\">\n            <div class=\"mr-3 img-48\"><img decoding=\"async\" class=\"wpdm_icon\" alt=\"Ikona\" src=\"https:\/\/konference.dauc.cz\/taxforum\/wp-content\/plugins\/download-manager\/assets\/file-type-icons\/pptx.svg\" \/><\/div>\n            <div class=\"media-body\">\n                <h3 class=\"package-title\"><a href='https:\/\/konference.dauc.cz\/taxforum\/download\/udrzitelnost-verejnych-financi-v-letech-2021-2030-prof-jan-pavel-ph-d\/'>Udr\u017eitelnost ve\u0159ejn\u00fdch financ\u00ed v letech 2021\u20132030 - Prof. Jan Pavel, Ph.D.<\/a><\/h3>\n                <div class=\"text-muted text-small\"><i class=\"fas fa-copy\"><\/i> 1 soubor(y) <i class=\"fas fa-hdd ml-3\"><\/i> 656.10 KB<\/div>\n            <\/div>\n            <div class=\"ml-3\">\n                <a href='#unlock' class='wpdm-download-link wpdm-download-locked btn btn-primary ' data-package='187'>St\u00e1hnout<\/a>\n            <\/div>\n        <\/div>\n    <\/div>\n<\/div>\n\n<\/div><div class='w3eden'><!-- WPDM Link Template: Default Template -->\n\n<div class=\"link-template-default card mb-2\">\n    <div class=\"card-body\">\n        <div class=\"media\">\n            <div class=\"mr-3 img-48\"><img decoding=\"async\" class=\"wpdm_icon\" alt=\"Ikona\" src=\"https:\/\/konference.dauc.cz\/taxforum\/wp-content\/plugins\/download-manager\/assets\/file-type-icons\/pdf.svg\" \/><\/div>\n            <div class=\"media-body\">\n                <h3 class=\"package-title\"><a href='https:\/\/konference.dauc.cz\/taxforum\/download\/odpocet-na-podporu-vyzkumu-a-vyvoje-v-roce-2022-ayming\/'>Odpo\u010det na podporu v\u00fdzkumu a v\u00fdvoje v roce 2022 - Ayming<\/a><\/h3>\n                <div class=\"text-muted text-small\"><i class=\"fas fa-copy\"><\/i> 1 soubor(y) <i class=\"fas fa-hdd ml-3\"><\/i> 4.39 MB<\/div>\n            <\/div>\n            <div class=\"ml-3\">\n                <a href='#unlock' class='wpdm-download-link wpdm-download-locked btn btn-primary ' data-package='189'>St\u00e1hnout<\/a>\n            <\/div>\n        <\/div>\n    <\/div>\n<\/div>\n\n<\/div><\/p>\n","protected":false},"author":1,"featured_media":0,"parent":0,"menu_order":0,"comment_status":"closed","ping_status":"closed","template":"","meta":{"_et_pb_use_builder":"on","_et_pb_old_content":"","_et_gb_content_width":"","footnotes":""},"class_list":["post-137","page","type-page","status-publish","hentry"],"_links":{"self":[{"href":"https:\/\/konference.dauc.cz\/taxforum\/wp-json\/wp\/v2\/pages\/137","targetHints":{"allow":["GET"]}}],"collection":[{"href":"https:\/\/konference.dauc.cz\/taxforum\/wp-json\/wp\/v2\/pages"}],"about":[{"href":"https:\/\/konference.dauc.cz\/taxforum\/wp-json\/wp\/v2\/types\/page"}],"author":[{"embeddable":true,"href":"https:\/\/konference.dauc.cz\/taxforum\/wp-json\/wp\/v2\/users\/1"}],"replies":[{"embeddable":true,"href":"https:\/\/konference.dauc.cz\/taxforum\/wp-json\/wp\/v2\/comments?post=137"}],"version-history":[{"count":15,"href":"https:\/\/konference.dauc.cz\/taxforum\/wp-json\/wp\/v2\/pages\/137\/revisions"}],"predecessor-version":[{"id":260,"href":"https:\/\/konference.dauc.cz\/taxforum\/wp-json\/wp\/v2\/pages\/137\/revisions\/260"}],"wp:attachment":[{"href":"https:\/\/konference.dauc.cz\/taxforum\/wp-json\/wp\/v2\/media?parent=137"}],"curies":[{"name":"wp","href":"https:\/\/api.w.org\/{rel}","templated":true}]}}